{"id":1159,"date":"2018-01-11T09:54:45","date_gmt":"2018-01-11T08:54:45","guid":{"rendered":"http:\/\/www.hotelviktor.sk\/cennik-sale-konferencyjne-taksowki-hotelowe\/"},"modified":"2018-02-01T14:30:55","modified_gmt":"2018-02-01T13:30:55","slug":"cennik-sale-konferencyjne-taksowki-hotelowe","status":"publish","type":"page","link":"https:\/\/www.hotelviktor.sk\/pl\/cennik-sale-konferencyjne-taksowki-hotelowe\/","title":{"rendered":"Cennik"},"content":{"rendered":"<p>[et_pb_section bb_built=&#8221;1&#8243; transparent_background=&#8221;on&#8221; _builder_version=&#8221;3.0.73&#8243; background_size=&#8221;initial&#8221; background_position=&#8221;top_right&#8221;][et_pb_row background_color=&#8221;#ffffff&#8221; _builder_version=&#8221;3.0.73&#8243; custom_css_main_element=&#8221;float: left;||padding-left: 6%;||width: 95%!important;||padding-top:0px;&#8221;][et_pb_column type=&#8221;2_3&#8243;][et_pb_post_title meta=&#8221;off&#8221; featured_image=&#8221;off&#8221; _builder_version=&#8221;3.0.73&#8243; custom_css_main_element=&#8221;padding-top:4%;&#8221;]<\/p>\n<p>&nbsp;<\/p>\n<p>[\/et_pb_post_title][et_pb_text _builder_version=&#8221;3.0.73&#8243; background_layout=&#8221;light&#8221; text_orientation=&#8221;left&#8221; border_style=&#8221;solid&#8221;]<\/p>\n<h1>Cennik zakwaterowania:<\/h1>\n<h3><strong>Pocz\u0105tkowe super ceny:<\/strong><\/h3>\n<p>Uwaga! Wszystkie ceny podane s\u0105 za pok\u00f3j \/ apartament za dob\u0119 (nie za osob\u0119).<\/p>\n<h3>50 EUR za pok\u00f3j 2-osobowy za dob\u0119.<\/h3>\n<h3>\n100 EUR za apartament za dob\u0119 (4 \u0142\u00f3\u017cka, w tym dwa \u0142\u0105czone i dwa pojedyncze).<\/h3>\n<h1>Oferta wynajmu sal konferencyjnych:<\/h1>\n<p>Salonik\/pojemno\u015b\u0107 12 os\u00f3b\/-33 EUR\/dzie\u0144 lub 8 EUR\/godz.<br \/>\nSala konferencyjna I. maks. liczba miejsc dla 30 os\u00f3b-50 EUR\/dzie\u0144<br \/>\nZdj\u0119cia sali konferencyjnej o maksymalnej liczbie miejsc dla 30 os\u00f3b znajduj\u0105 si\u0119 poni\u017cej tekstu.<\/p>\n<p>Wyposa\u017cenie sprz\u0119towe sal konferencyjnych:<br \/>\nprojektor, ekran, flipchart, sie\u0107 WI-FI. Sprz\u0119t jest wliczony w cen\u0119.<\/p>\n<p>Zapewniamy przek\u0105ski i obiad lub kolacj\u0119.<\/p>\n<p>Obiad lub kolacja podawane s\u0105 w formie jednego posi\u0142ku z\u0142o\u017conego z trzech da\u0144 &#8211; 7 EUR\/osob\u0119<br \/>\nPrzek\u0105ski:<br \/>\nKawa w termosie 2,5 l 8 EUR\/mleko\/<br \/>\nHerbata w termosie 2,5 l 8 EUR\/r\u00f3\u017cne rodzaje herbat i cytryna\/<br \/>\nWoda mineralna 1,40\/szt.<br \/>\nWszystkie pozosta\u0142e napoje bezalkoholowe 1,40\/szt.<br \/>\nDzbanki z wod\u0105 i cytryn\u0105 1,40\/szt.<br \/>\nKanapka z szynk\u0105, salami lub serem 1 EUR<br \/>\nRogalik czekoladowy 1 EUR<br \/>\nMuffin 1 EUR<br \/>\nTalerz herbatnik\u00f3w 4 EUR<\/p>\n<h1>Transport:<\/h1>\n<p>Transport na lotnisko Schwechat 60 EUR<br \/>\nTransport z lotniska Schwechat\u00a0 do hotelu Viktor** 60 EUR, w przypadku innego miejsca docelowego w Bratys\u0142awie 80 EUR,<br \/>\ninne miejsca docelowe do uzgodnienia.<\/p>\n<h3>Hotel udost\u0119pnia taxi hotelowe Citroen Jumper dla 9 os\u00f3b i baga\u017cnik. W razie zainteresowania przyjmujemy zam\u00f3wienia.<\/h3>\n<h1>Wy\u017cywienie:<\/h1>\n<p><strong>\u015aniadania:<\/strong><\/p>\n<p>Cena:\u00a07 EUR \/ osob\u0119 \/ dzie\u0144.<\/p>\n<p>\u015aniadania s\u0105 dost\u0119pne w formie szwedzkiego sto\u0142u. Na \u015bniadania oferujemy potrawy na ciep\u0142o i na zimno, owoce, warzywa, d\u017cemy, mi\u00f3d, kaw\u0119 i r\u00f3\u017cne rodzaje herbat, par\u00f3wki, jajecznic\u0119, omlety, jajka na szynce, jajka sadzone, szynk\u0119, kie\u0142bas\u0119 szynkow\u0105, salami, ser, p\u0142atki, mleko, sok, bu\u0142ki, rogale, chleb, pikantne wypieki, r\u00f3\u017cnego rodzaju pieczywo ciemne i pe\u0142noziarniste.<\/p>\n<p><strong>Menu wieczorne:<br \/>\n\/na zam\u00f3wienie\/<\/strong><br \/>\nCena: 7 EUR<br \/>\nOferujemy menu wieczorne zgodnie z aktualn\u0105 ofert\u0105 na dany dzie\u0144.<\/p>\n<p>Oferujemy inne potrawy do wyboru z menu.<\/p>\n<p>[\/et_pb_text][\/et_pb_column][et_pb_column type=&#8221;1_3&#8243;][et_pb_image src=&#8221;http:\/\/www.hotelviktor.sk\/wp-content\/uploads\/2017\/12\/cennik.jpg&#8221; _builder_version=&#8221;3.0.73&#8243; show_in_lightbox=&#8221;off&#8221; url_new_window=&#8221;off&#8221; use_overlay=&#8221;off&#8221; sticky=&#8221;off&#8221; align=&#8221;left&#8221; always_center_on_mobile=&#8221;on&#8221; border_style=&#8221;solid&#8221; force_fullwidth=&#8221;off&#8221;]<\/p>\n<p>[\/et_pb_image][\/et_pb_column][\/et_pb_row][et_pb_row _builder_version=&#8221;3.0.73&#8243; custom_css_main_element=&#8221;float: left;||padding-left: 6%;||width: 95%!important;||padding-top:0px;||padding-bottom:6%;||background-color:#fff;||padding-right: 4%;&#8221; use_custom_gutter=&#8221;on&#8221; gutter_width=&#8221;2&#8243;][et_pb_column type=&#8221;4_4&#8243;][et_pb_gallery _builder_version=&#8221;3.0.73&#8243; posts_number=&#8221;30&#8243; show_title_and_caption=&#8221;off&#8221; show_pagination=&#8221;off&#8221; gallery_ids=&#8221;591,592&#8243; fullwidth=&#8221;off&#8221; orientation=&#8221;landscape&#8221; zoom_icon_color=&#8221;#ad060b&#8221; hover_overlay_color=&#8221;rgba(255,255,255,0.9)&#8221; background_layout=&#8221;light&#8221; border_style=&#8221;solid&#8221; hover_icon=&#8221;%%43%%&#8221; custom_css_main_element=&#8221;margin-bottom:20px;&#8221; \/][et_pb_code _builder_version=&#8221;3.0.73&#8243;]&lt;h2&gt;Panor\u00e1ma Hotel Viktor &lt;\/h2&gt;&lt;!&#8211; [et_pb_line_break_holder] &#8211;&gt;&lt;iframe height=&quot;600px&quot; width=&quot;100%&quot; src=&quot;http:\/\/panoramy_hotelviktor.panoramyslovenska.sk\/&quot;&gt;&lt;\/iframe&gt;[\/et_pb_code][\/et_pb_column][\/et_pb_row][\/et_pb_section]<\/p>\n","protected":false},"excerpt":{"rendered":"<p>&nbsp; Cennik zakwaterowania: Pocz\u0105tkowe super ceny: Uwaga! Wszystkie ceny podane s\u0105 za pok\u00f3j \/ apartament za dob\u0119 (nie za osob\u0119). 50 EUR za pok\u00f3j 2-osobowy za dob\u0119. 100 EUR za apartament za dob\u0119 (4 \u0142\u00f3\u017cka, w tym dwa \u0142\u0105czone i dwa pojedyncze). Oferta wynajmu sal konferencyjnych: Salonik\/pojemno\u015b\u0107 12 os\u00f3b\/-33 EUR\/dzie\u0144 lub 8 EUR\/godz. Sala konferencyjna [&hellip;]<\/p>\n","protected":false},"author":1,"featured_media":0,"parent":0,"menu_order":3,"comment_status":"closed","ping_status":"closed","template":"","meta":{"_et_pb_use_builder":"on","_et_pb_old_content":"","_et_gb_content_width":"","footnotes":""},"class_list":["post-1159","page","type-page","status-publish","hentry"],"_links":{"self":[{"href":"https:\/\/www.hotelviktor.sk\/pl\/wp-json\/wp\/v2\/pages\/1159"}],"collection":[{"href":"https:\/\/www.hotelviktor.sk\/pl\/wp-json\/wp\/v2\/pages"}],"about":[{"href":"https:\/\/www.hotelviktor.sk\/pl\/wp-json\/wp\/v2\/types\/page"}],"author":[{"embeddable":true,"href":"https:\/\/www.hotelviktor.sk\/pl\/wp-json\/wp\/v2\/users\/1"}],"replies":[{"embeddable":true,"href":"https:\/\/www.hotelviktor.sk\/pl\/wp-json\/wp\/v2\/comments?post=1159"}],"version-history":[{"count":8,"href":"https:\/\/www.hotelviktor.sk\/pl\/wp-json\/wp\/v2\/pages\/1159\/revisions"}],"predecessor-version":[{"id":1828,"href":"https:\/\/www.hotelviktor.sk\/pl\/wp-json\/wp\/v2\/pages\/1159\/revisions\/1828"}],"wp:attachment":[{"href":"https:\/\/www.hotelviktor.sk\/pl\/wp-json\/wp\/v2\/media?parent=1159"}],"curies":[{"name":"wp","href":"https:\/\/api.w.org\/{rel}","templated":true}]}}